{"id":198,"date":"2025-11-24T20:05:20","date_gmt":"2025-11-24T19:05:20","guid":{"rendered":"https:\/\/seniorenheime-unterallgaeu.de\/babenhausen\/?page_id=198"},"modified":"2026-04-09T12:02:48","modified_gmt":"2026-04-09T11:02:48","slug":"impressum","status":"publish","type":"page","link":"https:\/\/www.seniorenheime-unterallgaeu.de\/tuerkheim\/impressum\/","title":{"rendered":"Impressum"},"content":{"rendered":"<p>[et_pb_section fb_built=&#8220;1&#8243; admin_label=&#8220;Header&#8220; _builder_version=&#8220;4.22.0&#8243; _module_preset=&#8220;default&#8220; collapsed=&#8220;on&#8220; global_colors_info=&#8220;{}&#8220;][et_pb_row _builder_version=&#8220;4.22.0&#8243; _module_preset=&#8220;default&#8220; max_width=&#8220;700px&#8220; global_colors_info=&#8220;{}&#8220;][et_pb_column type=&#8220;4_4&#8243; _builder_version=&#8220;4.22.0&#8243; _module_preset=&#8220;default&#8220; global_colors_info=&#8220;{}&#8220;][et_pb_text _builder_version=&#8220;4.27.4&#8243; _module_preset=&#8220;85117fce-da27-4310-ace4-323d2b7db8d5&#8243; header_font=&#8220;||||||||&#8220; header_font_size=&#8220;70px&#8220; text_orientation=&#8220;center&#8220; custom_margin=&#8220;||10px||false|false&#8220; global_colors_info=&#8220;{}&#8220;]<\/p>\n<h1>Impressum<\/h1>\n<p>[\/et_pb_text][\/et_pb_column][\/et_pb_row][et_pb_row _builder_version=&#8220;4.27.4&#8243; _module_preset=&#8220;default&#8220; global_colors_info=&#8220;{}&#8220;][et_pb_column type=&#8220;4_4&#8243; _builder_version=&#8220;4.27.4&#8243; _module_preset=&#8220;default&#8220; global_colors_info=&#8220;{}&#8220;][et_pb_text _builder_version=&#8220;4.27.4&#8243; _module_preset=&#8220;80a4226e-9301-42c8-b040-725773ed5dee&#8220; text_orientation=&#8220;center&#8220; global_colors_info=&#8220;{}&#8220;]<\/p>\n<div id=\"c402\" class=\"frame frame-default fontsize--inherit textalign--inherit frame-type-text frame-layout-0\">\n<h2>Herausgeber<\/h2>\n<p>Kreis-Seniorenwohnheime des Landkreises Unterallg\u00e4u<br \/><a href=\"https:\/\/seniorenheime-unterallgaeu.de\/babenhausen\/\" target=\"_blank\" rel=\"noopener\">www.seniorenheime-unterallgaeu.de\/tuerkheim<\/a><\/p>\n<p><strong>Tr\u00e4ger:<\/strong><br \/>Landkreis Unterallg\u00e4u<br \/>Bad W\u00f6rishofer Str. 33<br \/>87719 Mindelheim<\/p>\n<p>Telefon: 08245 9668-0<br \/>Telefax: 08245 9668-22<br \/>E-Mail: info@kswh.unterallgaeu.de<\/p>\n<p>Der Landkreis Unterallg\u00e4u ist eine K\u00f6rperschaft des \u00f6ffentlichen Rechts und vertreten durch den Landrat.<\/p>\n<p>&nbsp;<\/p>\n<h2>Verantwortlich f\u00fcr den Inhalt<\/h2>\n<p>Die Inhalte werden direkt durch die Kreis-Seniorenwohnheime Unterallg\u00e4u erstellt. F\u00fcr Anregungen, W\u00fcnsche oder Hinweise auf Korrekturen sind wir offen und dankbar. Bitte nutzen Sie hierf\u00fcr die Kontaktm\u00f6glichkeiten der Internetseite.<\/p>\n<p>&nbsp;<\/p>\n<h2><\/h2>\n<h2>Bildnachweis<\/h2>\n<p>\u2013 Bildarchiv des Landkreises Unterallg\u00e4u<br \/>\u2013 Bildarchiv der Kreis- Seniorenwohnheime Unterallg\u00e4u<\/p>\n<p>&nbsp;<\/p>\n<h2><\/h2>\n<h2>Nutzungsbedingungen<\/h2>\n<p>Texte, Bilder, Grafiken sowie die Gestaltung dieser Internetseiten k\u00f6nnen dem Urheberrecht unterliegen.<br \/>Nicht urheberrechtlich gesch\u00fctzt sind nach \u00a7 5 des Urheberrechtsgesetzes (UrhG)<\/p>\n<p>\u2013 Gesetze, Verordnungen, amtliche Erlasse und Bekanntmachungen sowie Entscheidungen und amtlich verfasste Leits\u00e4tze zu Entscheidungen und<\/p>\n<p>\u2013 andere amtliche Werke, die im amtlichen Interesse zur allgemeinen Kenntnisnahme ver\u00f6ffentlicht worden sind, mit der Einschr\u00e4nkung, dass die Bestimmungen \u00fcber \u00c4nderungsverbot und Quellenangabe in \u00a7 62 Abs. 1 bis 3 und \u00a7 63 Abs. 1 und 2 UrhG entsprechend anzuwenden sind.<\/p>\n<p>&nbsp;<\/p>\n<p>Als Privatperson d\u00fcrfen Sie urheberrechtlich gesch\u00fctztes Material zum privaten und sonstigen eigenen Gebrauch im Rahmen des \u00a7 53 UrhG verwenden. Eine Vervielf\u00e4ltigung oder Verwendung urheberrechtlich gesch\u00fctzten Materials dieser Seiten oder Teilen davon in anderen elektronischen oder gedruckten Publikationen und deren Ver\u00f6ffentlichung ist nur mit unserer Einwilligung gestattet. Diese Einwilligung erteilen auf Anfrage die f\u00fcr den Inhalt Verantwortlichen. Der Nachdruck und die Auswertung von Pressemitteilungen und Reden sind mit Quellenangabe allgemein gestattet.<\/p>\n<p>Weiterhin k\u00f6nnen Texte, Bilder, Grafiken und sonstige Dateien ganz oder teilweise dem Urheberrecht Dritter unterliegen. Auch \u00fcber das Bestehen m\u00f6glicher Rechte Dritter geben Ihnen die f\u00fcr den Inhalt Verantwortlichen n\u00e4here Ausk\u00fcnfte.<\/p>\n<p>&nbsp;<\/p>\n<h2>Haftungsausschluss<\/h2>\n<p>Alle auf dieser Internetseite bereitgestellten Informationen haben wir nach bestem Wissen und Gewissen erarbeitet und gepr\u00fcft. Eine Gew\u00e4hr f\u00fcr die jederzeitige Aktualit\u00e4t, Richtigkeit, Vollst\u00e4ndigkeit und Verf\u00fcgbarkeit der bereit gestellten Informationen k\u00f6nnen wir allerdings nicht \u00fcbernehmen. Ein Vertragsverh\u00e4ltnis mit den Nutzern des Internetangebots kommt nicht zustande.<br \/>Wir haften nicht f\u00fcr Sch\u00e4den, die durch die Nutzung dieses Internetangebots entstehen. Dieser Haftungsausschluss gilt nicht, soweit die Vorschriften des \u00a7 839 BGB (Haftung bei Amtspflichtverletzung) einschl\u00e4gig sind. F\u00fcr etwaige Sch\u00e4den, die beim Aufrufen oder Herunterladen von Daten durch Schadsoftware oder der Installation oder Nutzung von Software verursacht werden, \u00fcbernehmen wir keine Haftung.<br \/>Der Haftungsausschluss gilt nicht f\u00fcr Informationen, die in den Anwendungsbereich der Europ\u00e4ischen Dienstleistungsrichtlinie (Richtlinie 2006\/123\/EG \u2013 DLRL) fallen. F\u00fcr diese Informationen wird die Richtigkeit und Aktualit\u00e4t gew\u00e4hrleistet.<\/p>\n<p>&nbsp;<\/p>\n<h2>Links<\/h2>\n<p>Von unseren eigenen Inhalten sind Querverweise (\u201eLinks\u201c) auf die Webseiten anderer Anbieter zu unterscheiden. Durch diese Links erm\u00f6glichen wir lediglich den Zugang zur Nutzung fremder Inhalte nach \u00a7 8 Telemediengesetz. Bei der erstmaligen Verkn\u00fcpfung mit diesen Internetangeboten haben wir diese fremden Inhalte daraufhin \u00fcberpr\u00fcft, ob durch sie eine m\u00f6gliche zivilrechtliche oder strafrechtliche Verantwortlichkeit ausgel\u00f6st wird. Wir k\u00f6nnen diese fremden Inhalte aber nicht st\u00e4ndig auf Ver\u00e4nderungen \u00fcberpr\u00fcfen und daher auch keine Verantwortung daf\u00fcr \u00fcbernehmen. F\u00fcr illegale, fehlerhafte oder unvollst\u00e4ndige Inhalte und insbesondere f\u00fcr Sch\u00e4den, die aus der Nutzung oder Nichtnutzung von Informationen Dritter entstehen, haftet allein der jeweilige Anbieter der Seite.<\/p>\n<p>&nbsp;<\/p>\n<p>&nbsp;<\/p>\n<p>&nbsp;<\/p>\n<\/div>\n<div id=\"c44\" class=\"frame frame-default fontsize--inherit textalign--inherit frame-type-textpic frame-layout-0\">\n<div class=\"ce-textpic ce-left ce-above\">\n<div class=\"ce-bodytext\">\n<p><strong>Technische Umsetzung:<\/strong><\/p>\n<p><strong>Schr\u00f6der Solutions<\/strong><br \/>Am Galgenberg 10A<br \/>87742 Dirlewang<\/p>\n<\/div>\n<\/div>\n<\/div>\n<p>[\/et_pb_text][\/et_pb_column][\/et_pb_row][\/et_pb_section]<\/p>\n","protected":false},"excerpt":{"rendered":"<p>Impressum Herausgeber Kreis-Seniorenwohnheime des Landkreises Unterallg\u00e4uwww.seniorenheime-unterallgaeu.de\/tuerkheim Tr\u00e4ger:Landkreis Unterallg\u00e4uBad W\u00f6rishofer Str. 3387719 Mindelheim Telefon: 08245 9668-0Telefax: 08245 9668-22E-Mail: info@kswh.unterallgaeu.de Der Landkreis Unterallg\u00e4u ist eine K\u00f6rperschaft des \u00f6ffentlichen Rechts und vertreten durch den Landrat. &nbsp; Verantwortlich f\u00fcr den Inhalt Die Inhalte werden direkt durch die Kreis-Seniorenwohnheime Unterallg\u00e4u erstellt. F\u00fcr Anregungen, W\u00fcnsche oder Hinweise auf Korrekturen sind wir [&hellip;]<\/p>\n","protected":false},"author":1,"featured_media":0,"parent":0,"menu_order":0,"comment_status":"closed","ping_status":"closed","template":"","meta":{"_et_pb_use_builder":"on","_et_pb_old_content":"","_et_gb_content_width":"","footnotes":""},"class_list":["post-198","page","type-page","status-publish","hentry"],"_links":{"self":[{"href":"https:\/\/www.seniorenheime-unterallgaeu.de\/tuerkheim\/wp-json\/wp\/v2\/pages\/198","targetHints":{"allow":["GET"]}}],"collection":[{"href":"https:\/\/www.seniorenheime-unterallgaeu.de\/tuerkheim\/wp-json\/wp\/v2\/pages"}],"about":[{"href":"https:\/\/www.seniorenheime-unterallgaeu.de\/tuerkheim\/wp-json\/wp\/v2\/types\/page"}],"author":[{"embeddable":true,"href":"https:\/\/www.seniorenheime-unterallgaeu.de\/tuerkheim\/wp-json\/wp\/v2\/users\/1"}],"replies":[{"embeddable":true,"href":"https:\/\/www.seniorenheime-unterallgaeu.de\/tuerkheim\/wp-json\/wp\/v2\/comments?post=198"}],"version-history":[{"count":7,"href":"https:\/\/www.seniorenheime-unterallgaeu.de\/tuerkheim\/wp-json\/wp\/v2\/pages\/198\/revisions"}],"predecessor-version":[{"id":690,"href":"https:\/\/www.seniorenheime-unterallgaeu.de\/tuerkheim\/wp-json\/wp\/v2\/pages\/198\/revisions\/690"}],"wp:attachment":[{"href":"https:\/\/www.seniorenheime-unterallgaeu.de\/tuerkheim\/wp-json\/wp\/v2\/media?parent=198"}],"curies":[{"name":"wp","href":"https:\/\/api.w.org\/{rel}","templated":true}]}}